{"version":"1.0","provider_name":"Improof","provider_url":"https:\/\/www.improof.lu\/de\/","author_name":"Nermin Plavsic","author_url":"https:\/\/www.improof.lu\/de\/articles\/author\/nermin-plavsic\/","title":"Temps contraint, temps v\u00e9cu : repenser le travail \u00e0 partir du trajet","type":"rich","width":600,"height":338,"html":"<blockquote class=\"wp-embedded-content\" data-secret=\"qRvCObzYca\"><a href=\"https:\/\/www.improof.lu\/de\/articles\/repenser-le-travail-a-partir-du-trajet\/\">Temps contraint, temps v\u00e9cu : repenser le travail \u00e0 partir du trajet<\/a><\/blockquote><iframe sandbox=\"allow-scripts\" security=\"restricted\" src=\"https:\/\/www.improof.lu\/de\/articles\/repenser-le-travail-a-partir-du-trajet\/embed\/#?secret=qRvCObzYca\" width=\"600\" height=\"338\" title=\"&#8220;Temps contraint, temps v\u00e9cu : repenser le travail \u00e0 partir du trajet&#8221; &#8212; Improof\" data-secret=\"qRvCObzYca\" frameborder=\"0\" marginwidth=\"0\" marginheight=\"0\" scrolling=\"no\" class=\"wp-embedded-content\"><\/iframe><script>\n\/*! This file is auto-generated *\/\n!function(d,l){\"use strict\";l.querySelector&&d.addEventListener&&\"undefined\"!=typeof URL&&(d.wp=d.wp||{},d.wp.receiveEmbedMessage||(d.wp.receiveEmbedMessage=function(e){var t=e.data;if((t||t.secret||t.message||t.value)&&!\/[^a-zA-Z0-9]\/.test(t.secret)){for(var s,r,n,a=l.querySelectorAll('iframe[data-secret=\"'+t.secret+'\"]'),o=l.querySelectorAll('blockquote[data-secret=\"'+t.secret+'\"]'),c=new RegExp(\"^https?:$\",\"i\"),i=0;i<o.length;i++)o[i].style.display=\"none\";for(i=0;i<a.length;i++)s=a[i],e.source===s.contentWindow&&(s.removeAttribute(\"style\"),\"height\"===t.message?(1e3<(r=parseInt(t.value,10))?r=1e3:~~r<200&&(r=200),s.height=r):\"link\"===t.message&&(r=new URL(s.getAttribute(\"src\")),n=new URL(t.value),c.test(n.protocol))&&n.host===r.host&&l.activeElement===s&&(d.top.location.href=t.value))}},d.addEventListener(\"message\",d.wp.receiveEmbedMessage,!1),l.addEventListener(\"DOMContentLoaded\",function(){for(var e,t,s=l.querySelectorAll(\"iframe.wp-embedded-content\"),r=0;r<s.length;r++)(t=(e=s[r]).getAttribute(\"data-secret\"))||(t=Math.random().toString(36).substring(2,12),e.src+=\"#?secret=\"+t,e.setAttribute(\"data-secret\",t)),e.contentWindow.postMessage({message:\"ready\",secret:t},\"*\")},!1)))}(window,document);\n<\/script>\n","description":"Chaque jour, des milliers de personnes, r\u00e9sidentes ou frontali\u00e8res, consacrent une part significative de leur journ\u00e9e \u00e0 se rendre au travail et \u00e0 en revenir. Ce temps ne rel\u00e8ve ni du travail r\u00e9mun\u00e9r\u00e9, ni du repos, ni du loisir ; il constitue un temps interm\u00e9diaire, rarement comptabilis\u00e9, mais lourd de cons\u00e9quences sur l\u2019organisation de la vie quotidienne, sur la sant\u00e9 physique et psychique, sur la disponibilit\u00e9 affective et sur la possibilit\u00e9 m\u00eame de participation sociale.","thumbnail_url":"https:\/\/www.improof.lu\/app\/uploads\/2025\/11\/0_cover-1024x574.png"}