{"version":"1.0","provider_name":"Improof","provider_url":"https:\/\/www.improof.lu\/de\/","author_name":"Nermin Plavsic","author_url":"https:\/\/www.improof.lu\/de\/articles\/author\/nermin-plavsic\/","title":"Travailleurs sans papiers au Luxembourg, r\u00e9alit\u00e9s et enjeux","type":"rich","width":600,"height":338,"html":"<blockquote class=\"wp-embedded-content\" data-secret=\"z4ZM024v5I\"><a href=\"https:\/\/www.improof.lu\/de\/articles\/travailleurs-sans-papiers-au-luxembourg\/\">Travailleurs sans papiers au Luxembourg, r\u00e9alit\u00e9s et enjeux<\/a><\/blockquote><iframe sandbox=\"allow-scripts\" security=\"restricted\" src=\"https:\/\/www.improof.lu\/de\/articles\/travailleurs-sans-papiers-au-luxembourg\/embed\/#?secret=z4ZM024v5I\" width=\"600\" height=\"338\" title=\"&#8220;Travailleurs sans papiers au Luxembourg, r\u00e9alit\u00e9s et enjeux&#8221; &#8212; Improof\" data-secret=\"z4ZM024v5I\" frameborder=\"0\" marginwidth=\"0\" marginheight=\"0\" scrolling=\"no\" class=\"wp-embedded-content\"><\/iframe><script>\n\/*! This file is auto-generated *\/\n!function(d,l){\"use strict\";l.querySelector&&d.addEventListener&&\"undefined\"!=typeof URL&&(d.wp=d.wp||{},d.wp.receiveEmbedMessage||(d.wp.receiveEmbedMessage=function(e){var t=e.data;if((t||t.secret||t.message||t.value)&&!\/[^a-zA-Z0-9]\/.test(t.secret)){for(var s,r,n,a=l.querySelectorAll('iframe[data-secret=\"'+t.secret+'\"]'),o=l.querySelectorAll('blockquote[data-secret=\"'+t.secret+'\"]'),c=new RegExp(\"^https?:$\",\"i\"),i=0;i<o.length;i++)o[i].style.display=\"none\";for(i=0;i<a.length;i++)s=a[i],e.source===s.contentWindow&&(s.removeAttribute(\"style\"),\"height\"===t.message?(1e3<(r=parseInt(t.value,10))?r=1e3:~~r<200&&(r=200),s.height=r):\"link\"===t.message&&(r=new URL(s.getAttribute(\"src\")),n=new URL(t.value),c.test(n.protocol))&&n.host===r.host&&l.activeElement===s&&(d.top.location.href=t.value))}},d.addEventListener(\"message\",d.wp.receiveEmbedMessage,!1),l.addEventListener(\"DOMContentLoaded\",function(){for(var e,t,s=l.querySelectorAll(\"iframe.wp-embedded-content\"),r=0;r<s.length;r++)(t=(e=s[r]).getAttribute(\"data-secret\"))||(t=Math.random().toString(36).substring(2,12),e.src+=\"#?secret=\"+t,e.setAttribute(\"data-secret\",t)),e.contentWindow.postMessage({message:\"ready\",secret:t},\"*\")},!1)))}(window,document);\n<\/script>\n","description":"Le Luxembourg n\u2019est pas une destination privil\u00e9gi\u00e9e des migrations irr\u00e9guli\u00e8res, notamment en raison de sa situation g\u00e9ographique. Il n\u2019\u00e9chappe toutefois pas aux contradictions des politiques migratoires europ\u00e9ennes, prises entre une \u00e9conomie d\u00e9pendante de secteurs pr\u00e9caris\u00e9s et un cadre juridique qui produit de l\u2019irr\u00e9gularit\u00e9 tout en la sanctionnant.","thumbnail_url":"https:\/\/www.improof.lu\/app\/uploads\/2026\/01\/Sans-titre-1024x574.png"}