{"version":"1.0","provider_name":"Improof","provider_url":"https:\/\/www.improof.lu\/en\/","author_name":"Nermin Plavsic","author_url":"https:\/\/www.improof.lu\/en\/articles\/author\/nermin-plavsic\/","title":"Impact de la r\u00e9forme du cong\u00e9 parental 2016 au Luxembourg : une \u00e9volution significative de la participation des p\u00e8res","type":"rich","width":600,"height":338,"html":"<blockquote class=\"wp-embedded-content\" data-secret=\"7VyjpbdGgw\"><a href=\"https:\/\/www.improof.lu\/en\/articles\/reforme-du-conge-parental-2016-luxembourg\/\">Impact de la r\u00e9forme du cong\u00e9 parental 2016 au Luxembourg : une \u00e9volution significative de la participation des p\u00e8res<\/a><\/blockquote><iframe sandbox=\"allow-scripts\" security=\"restricted\" src=\"https:\/\/www.improof.lu\/en\/articles\/reforme-du-conge-parental-2016-luxembourg\/embed\/#?secret=7VyjpbdGgw\" width=\"600\" height=\"338\" title=\"&#8220;Impact de la r\u00e9forme du cong\u00e9 parental 2016 au Luxembourg : une \u00e9volution significative de la participation des p\u00e8res&#8221; &#8212; Improof\" data-secret=\"7VyjpbdGgw\" frameborder=\"0\" marginwidth=\"0\" marginheight=\"0\" scrolling=\"no\" class=\"wp-embedded-content\"><\/iframe><script>\n\/*! This file is auto-generated *\/\n!function(d,l){\"use strict\";l.querySelector&&d.addEventListener&&\"undefined\"!=typeof URL&&(d.wp=d.wp||{},d.wp.receiveEmbedMessage||(d.wp.receiveEmbedMessage=function(e){var t=e.data;if((t||t.secret||t.message||t.value)&&!\/[^a-zA-Z0-9]\/.test(t.secret)){for(var s,r,n,a=l.querySelectorAll('iframe[data-secret=\"'+t.secret+'\"]'),o=l.querySelectorAll('blockquote[data-secret=\"'+t.secret+'\"]'),c=new RegExp(\"^https?:$\",\"i\"),i=0;i<o.length;i++)o[i].style.display=\"none\";for(i=0;i<a.length;i++)s=a[i],e.source===s.contentWindow&&(s.removeAttribute(\"style\"),\"height\"===t.message?(1e3<(r=parseInt(t.value,10))?r=1e3:~~r<200&&(r=200),s.height=r):\"link\"===t.message&&(r=new URL(s.getAttribute(\"src\")),n=new URL(t.value),c.test(n.protocol))&&n.host===r.host&&l.activeElement===s&&(d.top.location.href=t.value))}},d.addEventListener(\"message\",d.wp.receiveEmbedMessage,!1),l.addEventListener(\"DOMContentLoaded\",function(){for(var e,t,s=l.querySelectorAll(\"iframe.wp-embedded-content\"),r=0;r<s.length;r++)(t=(e=s[r]).getAttribute(\"data-secret\"))||(t=Math.random().toString(36).substring(2,12),e.src+=\"#?secret=\"+t,e.setAttribute(\"data-secret\",t)),e.contentWindow.postMessage({message:\"ready\",secret:t},\"*\")},!1)))}(window,document);\n<\/script>\n","description":"Au Luxembourg, le cong\u00e9 parental a \u00e9t\u00e9 introduit en 1999 et r\u00e9form\u00e9 en profondeur en 2016. L'acc\u00e8s au cong\u00e9 parental a \u00e9t\u00e9 facilit\u00e9 et assoupli sur un certain nombre de points. Des \u00e9tudes et recherches men\u00e9es par des chercheurs du LISER ont analys\u00e9 l'impact de la r\u00e9forme du cong\u00e9 parental sur son recours. Celles-ci r\u00e9v\u00e8lent que la r\u00e9forme a conduit \u00e0 une augmentation significative du recours au cong\u00e9 parental, notamment parmi les p\u00e8res, marquant ainsi une \u00e9volution sans pr\u00e9c\u00e9dent dans ce domaine.","thumbnail_url":"https:\/\/www.improof.lu\/app\/uploads\/2024\/10\/pic.jpg","thumbnail_width":1920,"thumbnail_height":1076}