{"version":"1.0","provider_name":"Improof","provider_url":"https:\/\/www.improof.lu\/en\/","author_name":"Dylan Theis","author_url":"https:\/\/www.improof.lu\/en\/articles\/author\/dylan-theis\/","title":"Zoom sur les in\u00e9galit\u00e9s du patrimoine au Luxembourg - Improof","type":"rich","width":600,"height":338,"html":"<blockquote class=\"wp-embedded-content\" data-secret=\"tqsJrmGq6q\"><a href=\"https:\/\/www.improof.lu\/en\/articles\/zoom-sur-les-inegalites-du-patrimoine-au-luxembourg\/\">Zoom sur les in\u00e9galit\u00e9s du patrimoine au Luxembourg<\/a><\/blockquote><iframe sandbox=\"allow-scripts\" security=\"restricted\" src=\"https:\/\/www.improof.lu\/en\/articles\/zoom-sur-les-inegalites-du-patrimoine-au-luxembourg\/embed\/#?secret=tqsJrmGq6q\" width=\"600\" height=\"338\" title=\"&#8220;Zoom sur les in\u00e9galit\u00e9s du patrimoine au Luxembourg&#8221; &#8212; Improof\" data-secret=\"tqsJrmGq6q\" frameborder=\"0\" marginwidth=\"0\" marginheight=\"0\" scrolling=\"no\" class=\"wp-embedded-content\"><\/iframe><script>\n\/*! This file is auto-generated *\/\n!function(d,l){\"use strict\";l.querySelector&&d.addEventListener&&\"undefined\"!=typeof URL&&(d.wp=d.wp||{},d.wp.receiveEmbedMessage||(d.wp.receiveEmbedMessage=function(e){var t=e.data;if((t||t.secret||t.message||t.value)&&!\/[^a-zA-Z0-9]\/.test(t.secret)){for(var s,r,n,a=l.querySelectorAll('iframe[data-secret=\"'+t.secret+'\"]'),o=l.querySelectorAll('blockquote[data-secret=\"'+t.secret+'\"]'),c=new RegExp(\"^https?:$\",\"i\"),i=0;i<o.length;i++)o[i].style.display=\"none\";for(i=0;i<a.length;i++)s=a[i],e.source===s.contentWindow&&(s.removeAttribute(\"style\"),\"height\"===t.message?(1e3<(r=parseInt(t.value,10))?r=1e3:~~r<200&&(r=200),s.height=r):\"link\"===t.message&&(r=new URL(s.getAttribute(\"src\")),n=new URL(t.value),c.test(n.protocol))&&n.host===r.host&&l.activeElement===s&&(d.top.location.href=t.value))}},d.addEventListener(\"message\",d.wp.receiveEmbedMessage,!1),l.addEventListener(\"DOMContentLoaded\",function(){for(var e,t,s=l.querySelectorAll(\"iframe.wp-embedded-content\"),r=0;r<s.length;r++)(t=(e=s[r]).getAttribute(\"data-secret\"))||(t=Math.random().toString(36).substring(2,12),e.src+=\"#?secret=\"+t,e.setAttribute(\"data-secret\",t)),e.contentWindow.postMessage({message:\"ready\",secret:t},\"*\")},!1)))}(window,document);\n<\/script>\n","description":"Les in\u00e9galit\u00e9s de patrimoine constituent, \u00e0 c\u00f4t\u00e9 des in\u00e9galit\u00e9s de revenus, un pilier tr\u00e8s important dans l\u2019analyse des in\u00e9galit\u00e9s \u00e9conomiques \u00e0 l\u2019int\u00e9rieur d\u2019une soci\u00e9t\u00e9. De mani\u00e8re g\u00e9n\u00e9rale, dans pratiquement tous les pays d\u00e9velopp\u00e9s, les in\u00e9galit\u00e9s patrimoniales sont bien plus aig\u00fces que les in\u00e9galit\u00e9s de revenu\u00a0: en raison d\u2019un effet cumulatif plus \u00e9lev\u00e9 sur le plan du patrimoine qu\u2019au niveau du revenu, elles persistent davantage que les secondes, le patrimoine se transmettant d\u2019une g\u00e9n\u00e9ration \u00e0 l\u2019autre en creusant ainsi les in\u00e9galit\u00e9s."}